{"id":621,"date":"2018-07-26T14:46:30","date_gmt":"2018-07-26T12:46:30","guid":{"rendered":"http:\/\/toutpourlesaidants.fr\/?page_id=621"},"modified":"2022-10-06T15:24:25","modified_gmt":"2022-10-06T13:24:25","slug":"sur-site","status":"publish","type":"page","link":"https:\/\/toutpourlesaidants.fr\/index.php\/sur-site\/","title":{"rendered":"Sur Site"},"content":{"rendered":"<div class=\"pdfprnt-buttons pdfprnt-buttons-page pdfprnt-top-right\"><a href=\"https:\/\/toutpourlesaidants.fr\/index.php\/wp-json\/wp\/v2\/pages\/621?print=pdf\" class=\"pdfprnt-button pdfprnt-button-pdf\" target=\"_blank\"><img decoding=\"async\" src=\"http:\/\/toutpourlesaidants.fr\/wp-content\/plugins\/pdf-print\/images\/pdf.png\" alt=\"image_pdf\" title=\"Afficher le PDF\" \/><\/a><a href=\"https:\/\/toutpourlesaidants.fr\/index.php\/wp-json\/wp\/v2\/pages\/621?print=print\" class=\"pdfprnt-button pdfprnt-button-print\" target=\"_blank\"><img decoding=\"async\" src=\"http:\/\/toutpourlesaidants.fr\/wp-content\/plugins\/pdf-print\/images\/print.png\" alt=\"image_print\" title=\"Contenu imprim\u00e9\" \/><\/a><\/div><p style=\"text-align: justify;\">Plusieurs dispositifs de r\u00e9pit sur le site ou en lien avec la Plateforme de R\u00e9pit de d&rsquo;Accompagnement des Aidants :<\/p>\n<ul style=\"text-align: justify;\">\n<li><span style=\"color: #800080;\"><span style=\"font-size: 14pt;\"><strong>Accueil de jour des C\u00e8dres<\/strong><\/span> :\u00a0<\/span> pour 1 \u00e0 3 journ\u00e9es par semaine. L&rsquo;objectif est la stimulation des comp\u00e9tences afin de pr\u00e9server le maximum de l&rsquo;autonomie de l&rsquo;accueilli. Nous mettons en avant les valeurs du \u00ab\u00a0vivre ensemble\u00a0\u00bb tant au cours des activit\u00e9s que pendant les temps de repas. L&rsquo;entr\u00e9e en Accueil de jour n&rsquo;est possible qu&rsquo;apr\u00e8s validation du dossier par l&rsquo;\u00e9quipe pluridisciplinaire.<\/li>\n<\/ul>\n<ul>\n<li style=\"text-align: justify;\"><span style=\"color: #800080;\"><span style=\"font-size: 14pt;\"><strong>Accueil temporaire des C\u00e8dres : <\/strong><\/span>j<\/span>usqu&rsquo;\u00e0 3 mois cons\u00e9cutifs ou non, h\u00e9bergement au sein de l&rsquo;EHPAD les C\u00e8dres.\n<div>Ce service a ouvert en 2020, inscriptions possibles par <a href=\"https:\/\/trajectoire.sante-ra.fr\/Trajectoire\/\" target=\"_blank\" rel=\"noopener noreferrer\">Via trajectoire<\/a><\/div>\n<div>Il existe d&rsquo;autres s\u00e9jour temporaires dans les EHPAD de Valence et des environs<\/div>\n<\/li>\n<li style=\"text-align: justify;\">\n<div><span style=\"font-size: 14pt; color: #800080;\"><strong>Accueil temporaire d&rsquo;urgence<\/strong>: <\/span>EHPAD Les c\u00e8dres contacter directement l&rsquo;accueil de l&rsquo;EHPAD, s\u00e9jour disponible dans d&rsquo;autre EHPAD de Valence.<\/div>\n<div><\/div>\n<\/li>\n<\/ul>\n","protected":false},"excerpt":{"rendered":"<p>Plusieurs dispositifs de r\u00e9pit sur le site ou en lien avec la Plateforme de R\u00e9pit de d&rsquo;Accompagnement des Aidants : Accueil de jour des C\u00e8dres :\u00a0 pour 1 \u00e0 3 [&hellip;]<\/p>\n","protected":false},"author":3,"featured_media":0,"parent":0,"menu_order":0,"comment_status":"closed","ping_status":"closed","template":"","meta":{"footnotes":""},"yoast_head":"<!-- This site is optimized with the Yoast SEO plugin v20.2.1 - https:\/\/yoast.com\/wordpress\/plugins\/seo\/ -->\n<title>Sur Site - r\u00e9pit et accompagnement des aidants<\/title>\n<meta name=\"description\" content=\"La Plateforme de R\u00e9pit de d&#039;Accompagnement des Aidants propose l&#039;accueil de l&#039;aid\u00e9, l&#039;accueil de jour des C\u00e8dres, l&#039;accueil temporaire des C\u00e8dres\" \/>\n<meta name=\"robots\" content=\"index, follow, max-snippet:-1, max-image-preview:large, max-video-preview:-1\" \/>\n<link rel=\"canonical\" href=\"https:\/\/toutpourlesaidants.fr\/index.php\/sur-site\/\" \/>\n<meta property=\"og:locale\" content=\"fr_FR\" \/>\n<meta property=\"og:type\" content=\"article\" \/>\n<meta property=\"og:title\" content=\"Sur Site - r\u00e9pit et accompagnement des aidants\" \/>\n<meta property=\"og:description\" content=\"La Plateforme de R\u00e9pit de d&#039;Accompagnement des Aidants propose l&#039;accueil de l&#039;aid\u00e9, l&#039;accueil de jour des C\u00e8dres, l&#039;accueil temporaire des C\u00e8dres\" \/>\n<meta property=\"og:url\" content=\"https:\/\/toutpourlesaidants.fr\/index.php\/sur-site\/\" \/>\n<meta property=\"og:site_name\" content=\"r\u00e9pit et accompagnement des aidants\" \/>\n<meta property=\"article:modified_time\" content=\"2022-10-06T13:24:25+00:00\" \/>\n<meta name=\"twitter:card\" content=\"summary_large_image\" \/>\n<meta name=\"twitter:label1\" content=\"Dur\u00e9e de lecture estim\u00e9e\" \/>\n\t<meta name=\"twitter:data1\" content=\"1 minute\" \/>\n<script type=\"application\/ld+json\" class=\"yoast-schema-graph\">{\"@context\":\"https:\/\/schema.org\",\"@graph\":[{\"@type\":\"WebPage\",\"@id\":\"https:\/\/toutpourlesaidants.fr\/index.php\/sur-site\/\",\"url\":\"https:\/\/toutpourlesaidants.fr\/index.php\/sur-site\/\",\"name\":\"Sur Site - r\u00e9pit et accompagnement des aidants\",\"isPartOf\":{\"@id\":\"https:\/\/toutpourlesaidants.fr\/#website\"},\"datePublished\":\"2018-07-26T12:46:30+00:00\",\"dateModified\":\"2022-10-06T13:24:25+00:00\",\"description\":\"La Plateforme de R\u00e9pit de d'Accompagnement des Aidants propose l'accueil de l'aid\u00e9, l'accueil de jour des C\u00e8dres, l'accueil temporaire des C\u00e8dres\",\"breadcrumb\":{\"@id\":\"https:\/\/toutpourlesaidants.fr\/index.php\/sur-site\/#breadcrumb\"},\"inLanguage\":\"fr-FR\",\"potentialAction\":[{\"@type\":\"ReadAction\",\"target\":[\"https:\/\/toutpourlesaidants.fr\/index.php\/sur-site\/\"]}]},{\"@type\":\"BreadcrumbList\",\"@id\":\"https:\/\/toutpourlesaidants.fr\/index.php\/sur-site\/#breadcrumb\",\"itemListElement\":[{\"@type\":\"ListItem\",\"position\":1,\"name\":\"Accueil\",\"item\":\"https:\/\/toutpourlesaidants.fr\/\"},{\"@type\":\"ListItem\",\"position\":2,\"name\":\"Sur Site\"}]},{\"@type\":\"WebSite\",\"@id\":\"https:\/\/toutpourlesaidants.fr\/#website\",\"url\":\"https:\/\/toutpourlesaidants.fr\/\",\"name\":\"tout pour les aidants\",\"description\":\"Plateforme de Valence et ses environs\",\"publisher\":{\"@id\":\"https:\/\/toutpourlesaidants.fr\/#organization\"},\"potentialAction\":[{\"@type\":\"SearchAction\",\"target\":{\"@type\":\"EntryPoint\",\"urlTemplate\":\"https:\/\/toutpourlesaidants.fr\/?s={search_term_string}\"},\"query-input\":\"required name=search_term_string\"}],\"inLanguage\":\"fr-FR\"},{\"@type\":\"Organization\",\"@id\":\"https:\/\/toutpourlesaidants.fr\/#organization\",\"name\":\"Plateforme de r\u00e9pit et d'accompagnement des aidants\",\"url\":\"https:\/\/toutpourlesaidants.fr\/\",\"logo\":{\"@type\":\"ImageObject\",\"inLanguage\":\"fr-FR\",\"@id\":\"https:\/\/toutpourlesaidants.fr\/#\/schema\/logo\/image\/\",\"url\":\"http:\/\/toutpourlesaidants.fr\/wp-content\/uploads\/2018\/10\/logo-plateforme.jpg\",\"contentUrl\":\"http:\/\/toutpourlesaidants.fr\/wp-content\/uploads\/2018\/10\/logo-plateforme.jpg\",\"width\":379,\"height\":378,\"caption\":\"Plateforme de r\u00e9pit et d'accompagnement des aidants\"},\"image\":{\"@id\":\"https:\/\/toutpourlesaidants.fr\/#\/schema\/logo\/image\/\"}}]}<\/script>\n<!-- \/ Yoast SEO plugin. -->","yoast_head_json":{"title":"Sur Site - r\u00e9pit et accompagnement des aidants","description":"La Plateforme de R\u00e9pit de d'Accompagnement des Aidants propose l'accueil de l'aid\u00e9, l'accueil de jour des C\u00e8dres, l'accueil temporaire des C\u00e8dres","robots":{"index":"index","follow":"follow","max-snippet":"max-snippet:-1","max-image-preview":"max-image-preview:large","max-video-preview":"max-video-preview:-1"},"canonical":"https:\/\/toutpourlesaidants.fr\/index.php\/sur-site\/","og_locale":"fr_FR","og_type":"article","og_title":"Sur Site - r\u00e9pit et accompagnement des aidants","og_description":"La Plateforme de R\u00e9pit de d'Accompagnement des Aidants propose l'accueil de l'aid\u00e9, l'accueil de jour des C\u00e8dres, l'accueil temporaire des C\u00e8dres","og_url":"https:\/\/toutpourlesaidants.fr\/index.php\/sur-site\/","og_site_name":"r\u00e9pit et accompagnement des aidants","article_modified_time":"2022-10-06T13:24:25+00:00","twitter_card":"summary_large_image","twitter_misc":{"Dur\u00e9e de lecture estim\u00e9e":"1 minute"},"schema":{"@context":"https:\/\/schema.org","@graph":[{"@type":"WebPage","@id":"https:\/\/toutpourlesaidants.fr\/index.php\/sur-site\/","url":"https:\/\/toutpourlesaidants.fr\/index.php\/sur-site\/","name":"Sur Site - r\u00e9pit et accompagnement des aidants","isPartOf":{"@id":"https:\/\/toutpourlesaidants.fr\/#website"},"datePublished":"2018-07-26T12:46:30+00:00","dateModified":"2022-10-06T13:24:25+00:00","description":"La Plateforme de R\u00e9pit de d'Accompagnement des Aidants propose l'accueil de l'aid\u00e9, l'accueil de jour des C\u00e8dres, l'accueil temporaire des C\u00e8dres","breadcrumb":{"@id":"https:\/\/toutpourlesaidants.fr\/index.php\/sur-site\/#breadcrumb"},"inLanguage":"fr-FR","potentialAction":[{"@type":"ReadAction","target":["https:\/\/toutpourlesaidants.fr\/index.php\/sur-site\/"]}]},{"@type":"BreadcrumbList","@id":"https:\/\/toutpourlesaidants.fr\/index.php\/sur-site\/#breadcrumb","itemListElement":[{"@type":"ListItem","position":1,"name":"Accueil","item":"https:\/\/toutpourlesaidants.fr\/"},{"@type":"ListItem","position":2,"name":"Sur Site"}]},{"@type":"WebSite","@id":"https:\/\/toutpourlesaidants.fr\/#website","url":"https:\/\/toutpourlesaidants.fr\/","name":"tout pour les aidants","description":"Plateforme de Valence et ses environs","publisher":{"@id":"https:\/\/toutpourlesaidants.fr\/#organization"},"potentialAction":[{"@type":"SearchAction","target":{"@type":"EntryPoint","urlTemplate":"https:\/\/toutpourlesaidants.fr\/?s={search_term_string}"},"query-input":"required name=search_term_string"}],"inLanguage":"fr-FR"},{"@type":"Organization","@id":"https:\/\/toutpourlesaidants.fr\/#organization","name":"Plateforme de r\u00e9pit et d'accompagnement des aidants","url":"https:\/\/toutpourlesaidants.fr\/","logo":{"@type":"ImageObject","inLanguage":"fr-FR","@id":"https:\/\/toutpourlesaidants.fr\/#\/schema\/logo\/image\/","url":"http:\/\/toutpourlesaidants.fr\/wp-content\/uploads\/2018\/10\/logo-plateforme.jpg","contentUrl":"http:\/\/toutpourlesaidants.fr\/wp-content\/uploads\/2018\/10\/logo-plateforme.jpg","width":379,"height":378,"caption":"Plateforme de r\u00e9pit et d'accompagnement des aidants"},"image":{"@id":"https:\/\/toutpourlesaidants.fr\/#\/schema\/logo\/image\/"}}]}},"_links":{"self":[{"href":"https:\/\/toutpourlesaidants.fr\/index.php\/wp-json\/wp\/v2\/pages\/621"}],"collection":[{"href":"https:\/\/toutpourlesaidants.fr\/index.php\/wp-json\/wp\/v2\/pages"}],"about":[{"href":"https:\/\/toutpourlesaidants.fr\/index.php\/wp-json\/wp\/v2\/types\/page"}],"author":[{"embeddable":true,"href":"https:\/\/toutpourlesaidants.fr\/index.php\/wp-json\/wp\/v2\/users\/3"}],"replies":[{"embeddable":true,"href":"https:\/\/toutpourlesaidants.fr\/index.php\/wp-json\/wp\/v2\/comments?post=621"}],"version-history":[{"count":13,"href":"https:\/\/toutpourlesaidants.fr\/index.php\/wp-json\/wp\/v2\/pages\/621\/revisions"}],"predecessor-version":[{"id":2004,"href":"https:\/\/toutpourlesaidants.fr\/index.php\/wp-json\/wp\/v2\/pages\/621\/revisions\/2004"}],"wp:attachment":[{"href":"https:\/\/toutpourlesaidants.fr\/index.php\/wp-json\/wp\/v2\/media?parent=621"}],"curies":[{"name":"wp","href":"https:\/\/api.w.org\/{rel}","templated":true}]}}