{"id":1105,"date":"2018-11-26T12:18:53","date_gmt":"2018-11-26T11:18:53","guid":{"rendered":"http:\/\/toutpourlesaidants.fr\/?page_id=1105"},"modified":"2019-11-04T12:24:05","modified_gmt":"2019-11-04T11:24:05","slug":"graffiti","status":"publish","type":"page","link":"https:\/\/toutpourlesaidants.fr\/index.php\/graffiti\/","title":{"rendered":"S&rsquo;exprimer &#8211; GRAFFITI"},"content":{"rendered":"<div class=\"pdfprnt-buttons pdfprnt-buttons-page pdfprnt-top-right\"><a href=\"https:\/\/toutpourlesaidants.fr\/index.php\/wp-json\/wp\/v2\/pages\/1105?print=pdf\" class=\"pdfprnt-button pdfprnt-button-pdf\" target=\"_blank\"><img decoding=\"async\" src=\"http:\/\/toutpourlesaidants.fr\/wp-content\/plugins\/pdf-print\/images\/pdf.png\" alt=\"image_pdf\" title=\"Afficher le PDF\" \/><\/a><a href=\"https:\/\/toutpourlesaidants.fr\/index.php\/wp-json\/wp\/v2\/pages\/1105?print=print\" class=\"pdfprnt-button pdfprnt-button-print\" target=\"_blank\"><img decoding=\"async\" src=\"http:\/\/toutpourlesaidants.fr\/wp-content\/plugins\/pdf-print\/images\/print.png\" alt=\"image_print\" title=\"Contenu imprim\u00e9\" \/><\/a><\/div><p style=\"text-align: justify;\">L&rsquo;atelier <strong><span style=\"color: #ff00ff;\">Graffiti<\/span> <\/strong>s&rsquo;est d\u00e9roul\u00e9 de janvier \u00e0 mai 2019 \u00e0 la <strong><span style=\"color: #000080;\">Plateforme de R\u00e9pit et d&rsquo;Accompagnement des aidants de Valence.<\/span><\/strong><\/p>\n<p style=\"text-align: justify;\">Il a eu lieu gr\u00e2ce \u00e0 la participation des <strong>financeurs de la Dr\u00f4me<\/strong> (pour la fresque) et le<strong> Service Culture et Patrimoine du d\u00e9partement (pour le film)<\/strong>.<\/p>\n<p style=\"text-align: justify;\"><strong><span style=\"color: #ff6600;\">La fresque<\/span><\/strong> a \u00e9t\u00e9 r\u00e9alis\u00e9e par les aidants et les aid\u00e9s avec <span style=\"color: #800000;\"><strong>les graffeurs ELO DIE et SOWANONE<\/strong> <\/span>et film\u00e9e par <span style=\"color: #800000;\"><strong>Studio Bigote<\/strong><\/span>.<\/p>\n<p><iframe loading=\"lazy\" src=\"\/\/www.youtube.com\/embed\/nj08-gMqSiM\" width=\"560\" height=\"314\" allowfullscreen=\"allowfullscreen\"><\/iframe><\/p>\n<p>L\u2019atelier <span style=\"color: #800080;\"><strong>GRAFFITI <\/strong><\/span>s&rsquo;est d\u00e9roul\u00e9 d\u00e9but 2019 en bin\u00f4me : l\u2019aidant avec l\u2019aid\u00e9. Le r\u00e9sultat : une magnifique fresque collective sur mur et panneaux :<\/p>\n<p><img loading=\"lazy\" decoding=\"async\" class=\"wp-image-1385 size-full aligncenter\" src=\"http:\/\/toutpourlesaidants.fr\/wp-content\/uploads\/2019\/04\/toutpourlesaidants-fresquemurale.jpg\" alt=\"\" width=\"800\" height=\"186\" srcset=\"https:\/\/toutpourlesaidants.fr\/wp-content\/uploads\/2019\/04\/toutpourlesaidants-fresquemurale.jpg 800w, https:\/\/toutpourlesaidants.fr\/wp-content\/uploads\/2019\/04\/toutpourlesaidants-fresquemurale-300x70.jpg 300w, https:\/\/toutpourlesaidants.fr\/wp-content\/uploads\/2019\/04\/toutpourlesaidants-fresquemurale-768x179.jpg 768w, https:\/\/toutpourlesaidants.fr\/wp-content\/uploads\/2019\/04\/toutpourlesaidants-fresquemurale-750x174.jpg 750w, https:\/\/toutpourlesaidants.fr\/wp-content\/uploads\/2019\/04\/toutpourlesaidants-fresquemurale-400x93.jpg 400w, https:\/\/toutpourlesaidants.fr\/wp-content\/uploads\/2019\/04\/toutpourlesaidants-fresquemurale-430x100.jpg 430w, https:\/\/toutpourlesaidants.fr\/wp-content\/uploads\/2019\/04\/toutpourlesaidants-fresquemurale-150x35.jpg 150w, https:\/\/toutpourlesaidants.fr\/wp-content\/uploads\/2019\/04\/toutpourlesaidants-fresquemurale-100x23.jpg 100w\" sizes=\"(max-width: 800px) 100vw, 800px\" \/><\/p>\n<p style=\"text-align: center;\"><strong>\u00a0<img loading=\"lazy\" decoding=\"async\" class=\"alignnone size-medium wp-image-1101\" src=\"http:\/\/toutpourlesaidants.fr\/wp-content\/uploads\/2018\/11\/coollogo_com-29287600-1-300x40.png\" alt=\"\" width=\"300\" height=\"40\" srcset=\"https:\/\/toutpourlesaidants.fr\/wp-content\/uploads\/2018\/11\/coollogo_com-29287600-1-300x40.png 300w, https:\/\/toutpourlesaidants.fr\/wp-content\/uploads\/2018\/11\/coollogo_com-29287600-1-768x102.png 768w, https:\/\/toutpourlesaidants.fr\/wp-content\/uploads\/2018\/11\/coollogo_com-29287600-1-750x99.png 750w, https:\/\/toutpourlesaidants.fr\/wp-content\/uploads\/2018\/11\/coollogo_com-29287600-1-400x53.png 400w, https:\/\/toutpourlesaidants.fr\/wp-content\/uploads\/2018\/11\/coollogo_com-29287600-1-430x57.png 430w, https:\/\/toutpourlesaidants.fr\/wp-content\/uploads\/2018\/11\/coollogo_com-29287600-1-150x20.png 150w, https:\/\/toutpourlesaidants.fr\/wp-content\/uploads\/2018\/11\/coollogo_com-29287600-1-100x13.png 100w, https:\/\/toutpourlesaidants.fr\/wp-content\/uploads\/2018\/11\/coollogo_com-29287600-1.png 839w\" sizes=\"(max-width: 300px) 100vw, 300px\" \/><\/strong><strong>\u00a0\u00a0<\/strong><\/p>\n<p style=\"text-align: center;\"><span style=\"color: #ff00ff; font-size: 14pt;\"><strong>Avec les graffeurs SOWANONE et ELO DIE du <a href=\"http:\/\/sorrygraffiti.blogspot.com\/\" target=\"_blank\" rel=\"noopener noreferrer\">collectif Sorry Graffiti<\/a><\/strong><\/span><\/p>\n<p style=\"text-align: center;\"><span style=\"font-size: 14pt;\"><img loading=\"lazy\" decoding=\"async\" class=\"alignnone wp-image-1102\" src=\"http:\/\/toutpourlesaidants.fr\/wp-content\/uploads\/2018\/11\/sorry-graf.png\" alt=\"\" width=\"134\" height=\"89\" srcset=\"https:\/\/toutpourlesaidants.fr\/wp-content\/uploads\/2018\/11\/sorry-graf.png 278w, https:\/\/toutpourlesaidants.fr\/wp-content\/uploads\/2018\/11\/sorry-graf-150x100.png 150w, https:\/\/toutpourlesaidants.fr\/wp-content\/uploads\/2018\/11\/sorry-graf-100x67.png 100w\" sizes=\"(max-width: 134px) 100vw, 134px\" \/><\/span><\/p>\n<p style=\"text-align: center;\"><span style=\"color: #ff00ff; font-size: 14pt;\"><strong>et STUDIO BIGOTE\u00a0<\/strong><\/span><\/p>\n<p>Accompagn\u00e9 des graffeurs <span style=\"color: #ff00ff;\"><strong>SOWANONE<\/strong><\/span> et <span style=\"color: #ff00ff;\"><strong>ELO DIE<\/strong><\/span>, les bin\u00f4mes aidant avec l\u2019aid\u00e9 ont r\u00e9alis\u00e9 une fresque sur un mur et des panneaux mobiles.<\/p>\n<p>La vid\u00e9o et les panneaux mobiles serviront \u00e0 <span style=\"color: #ff00ff;\"><strong>r\u00e9fl\u00e9chir sur le r\u00f4le de l\u2019aidant et les maladies neurod\u00e9g\u00e9n\u00e9ratives<\/strong><\/span> lors d\u2019expositions itin\u00e9rantes.<\/p>\n<p><span style=\"color: #993366;\"><strong><u>L&rsquo;atelier :<\/u><\/strong><\/span><\/p>\n<p><img loading=\"lazy\" decoding=\"async\" class=\"alignnone size-medium wp-image-1330\" src=\"http:\/\/toutpourlesaidants.fr\/wp-content\/uploads\/2019\/03\/Graff-01-225x300.jpg\" alt=\"\" width=\"225\" height=\"300\" srcset=\"https:\/\/toutpourlesaidants.fr\/wp-content\/uploads\/2019\/03\/Graff-01-225x300.jpg 225w, https:\/\/toutpourlesaidants.fr\/wp-content\/uploads\/2019\/03\/Graff-01-768x1024.jpg 768w, https:\/\/toutpourlesaidants.fr\/wp-content\/uploads\/2019\/03\/Graff-01-750x1000.jpg 750w, https:\/\/toutpourlesaidants.fr\/wp-content\/uploads\/2019\/03\/Graff-01-400x533.jpg 400w, https:\/\/toutpourlesaidants.fr\/wp-content\/uploads\/2019\/03\/Graff-01-430x573.jpg 430w, https:\/\/toutpourlesaidants.fr\/wp-content\/uploads\/2019\/03\/Graff-01-150x200.jpg 150w, https:\/\/toutpourlesaidants.fr\/wp-content\/uploads\/2019\/03\/Graff-01-100x133.jpg 100w\" sizes=\"(max-width: 225px) 100vw, 225px\" \/> <img loading=\"lazy\" decoding=\"async\" class=\"alignnone size-medium wp-image-1331\" src=\"http:\/\/toutpourlesaidants.fr\/wp-content\/uploads\/2019\/03\/Graff-02-225x300.jpg\" alt=\"\" width=\"225\" height=\"300\" srcset=\"https:\/\/toutpourlesaidants.fr\/wp-content\/uploads\/2019\/03\/Graff-02-225x300.jpg 225w, https:\/\/toutpourlesaidants.fr\/wp-content\/uploads\/2019\/03\/Graff-02-768x1024.jpg 768w, https:\/\/toutpourlesaidants.fr\/wp-content\/uploads\/2019\/03\/Graff-02-750x1000.jpg 750w, https:\/\/toutpourlesaidants.fr\/wp-content\/uploads\/2019\/03\/Graff-02-400x533.jpg 400w, https:\/\/toutpourlesaidants.fr\/wp-content\/uploads\/2019\/03\/Graff-02-430x573.jpg 430w, https:\/\/toutpourlesaidants.fr\/wp-content\/uploads\/2019\/03\/Graff-02-150x200.jpg 150w, https:\/\/toutpourlesaidants.fr\/wp-content\/uploads\/2019\/03\/Graff-02-100x133.jpg 100w\" sizes=\"(max-width: 225px) 100vw, 225px\" \/><\/p>\n<p>Vincent alias Sowanone explique aux premiers arriv\u00e9s ce mardi l&rsquo;utilisation des bombes de peinture.<\/p>\n<p><img loading=\"lazy\" decoding=\"async\" class=\"size-medium wp-image-1134 alignright\" src=\"http:\/\/toutpourlesaidants.fr\/wp-content\/uploads\/2018\/11\/graf03-300x257.png\" alt=\"\" width=\"300\" height=\"257\" srcset=\"https:\/\/toutpourlesaidants.fr\/wp-content\/uploads\/2018\/11\/graf03-300x257.png 300w, https:\/\/toutpourlesaidants.fr\/wp-content\/uploads\/2018\/11\/graf03-150x128.png 150w, https:\/\/toutpourlesaidants.fr\/wp-content\/uploads\/2018\/11\/graf03-100x86.png 100w, https:\/\/toutpourlesaidants.fr\/wp-content\/uploads\/2018\/11\/graf03.png 339w\" sizes=\"(max-width: 300px) 100vw, 300px\" \/><\/p>\n<p><a href=\"http:\/\/toutpourlesaidants.fr\/wp-content\/uploads\/2018\/11\/Affiche-Graffiti.pdf\" target=\"_blank\" rel=\"noopener noreferrer\">Cliquez pour t\u00e9l\u00e9charger l&rsquo;affiche Graffiti<\/a><\/p>\n","protected":false},"excerpt":{"rendered":"<p>L&rsquo;atelier Graffiti s&rsquo;est d\u00e9roul\u00e9 de janvier \u00e0 mai 2019 \u00e0 la Plateforme de R\u00e9pit et d&rsquo;Accompagnement des aidants de Valence. Il a eu lieu gr\u00e2ce \u00e0 la participation des financeurs [&hellip;]<\/p>\n","protected":false},"author":2,"featured_media":0,"parent":0,"menu_order":0,"comment_status":"closed","ping_status":"closed","template":"","meta":{"footnotes":""},"yoast_head":"<!-- This site is optimized with the Yoast SEO plugin v20.2.1 - https:\/\/yoast.com\/wordpress\/plugins\/seo\/ -->\n<title>S&#039;exprimer - GRAFFITI - r\u00e9pit et accompagnement des aidants<\/title>\n<meta name=\"description\" content=\"Atelier graffiti en bin\u00f4me, l&#039;aidant avec l&#039;aid\u00e9. Fresque r\u00e9alis\u00e9e sur un mur et des panneaux mobiles.\" \/>\n<meta name=\"robots\" content=\"index, follow, max-snippet:-1, max-image-preview:large, max-video-preview:-1\" \/>\n<link rel=\"canonical\" href=\"https:\/\/toutpourlesaidants.fr\/index.php\/graffiti\/\" \/>\n<meta property=\"og:locale\" content=\"fr_FR\" \/>\n<meta property=\"og:type\" content=\"article\" \/>\n<meta property=\"og:title\" content=\"S&#039;exprimer - GRAFFITI - r\u00e9pit et accompagnement des aidants\" \/>\n<meta property=\"og:description\" content=\"Atelier graffiti en bin\u00f4me, l&#039;aidant avec l&#039;aid\u00e9. Fresque r\u00e9alis\u00e9e sur un mur et des panneaux mobiles.\" \/>\n<meta property=\"og:url\" content=\"https:\/\/toutpourlesaidants.fr\/index.php\/graffiti\/\" \/>\n<meta property=\"og:site_name\" content=\"r\u00e9pit et accompagnement des aidants\" \/>\n<meta property=\"article:modified_time\" content=\"2019-11-04T11:24:05+00:00\" \/>\n<meta property=\"og:image\" content=\"http:\/\/toutpourlesaidants.fr\/wp-content\/uploads\/2019\/04\/toutpourlesaidants-fresquemurale.jpg\" \/>\n<meta name=\"twitter:card\" content=\"summary_large_image\" \/>\n<meta name=\"twitter:label1\" content=\"Dur\u00e9e de lecture estim\u00e9e\" \/>\n\t<meta name=\"twitter:data1\" content=\"1 minute\" \/>\n<script type=\"application\/ld+json\" class=\"yoast-schema-graph\">{\"@context\":\"https:\/\/schema.org\",\"@graph\":[{\"@type\":\"WebPage\",\"@id\":\"https:\/\/toutpourlesaidants.fr\/index.php\/graffiti\/\",\"url\":\"https:\/\/toutpourlesaidants.fr\/index.php\/graffiti\/\",\"name\":\"S'exprimer - GRAFFITI - r\u00e9pit et accompagnement des aidants\",\"isPartOf\":{\"@id\":\"https:\/\/toutpourlesaidants.fr\/#website\"},\"datePublished\":\"2018-11-26T11:18:53+00:00\",\"dateModified\":\"2019-11-04T11:24:05+00:00\",\"description\":\"Atelier graffiti en bin\u00f4me, l'aidant avec l'aid\u00e9. Fresque r\u00e9alis\u00e9e sur un mur et des panneaux mobiles.\",\"breadcrumb\":{\"@id\":\"https:\/\/toutpourlesaidants.fr\/index.php\/graffiti\/#breadcrumb\"},\"inLanguage\":\"fr-FR\",\"potentialAction\":[{\"@type\":\"ReadAction\",\"target\":[\"https:\/\/toutpourlesaidants.fr\/index.php\/graffiti\/\"]}]},{\"@type\":\"BreadcrumbList\",\"@id\":\"https:\/\/toutpourlesaidants.fr\/index.php\/graffiti\/#breadcrumb\",\"itemListElement\":[{\"@type\":\"ListItem\",\"position\":1,\"name\":\"Accueil\",\"item\":\"https:\/\/toutpourlesaidants.fr\/\"},{\"@type\":\"ListItem\",\"position\":2,\"name\":\"S&rsquo;exprimer &#8211; GRAFFITI\"}]},{\"@type\":\"WebSite\",\"@id\":\"https:\/\/toutpourlesaidants.fr\/#website\",\"url\":\"https:\/\/toutpourlesaidants.fr\/\",\"name\":\"tout pour les aidants\",\"description\":\"Plateforme de Valence et ses environs\",\"publisher\":{\"@id\":\"https:\/\/toutpourlesaidants.fr\/#organization\"},\"potentialAction\":[{\"@type\":\"SearchAction\",\"target\":{\"@type\":\"EntryPoint\",\"urlTemplate\":\"https:\/\/toutpourlesaidants.fr\/?s={search_term_string}\"},\"query-input\":\"required name=search_term_string\"}],\"inLanguage\":\"fr-FR\"},{\"@type\":\"Organization\",\"@id\":\"https:\/\/toutpourlesaidants.fr\/#organization\",\"name\":\"Plateforme de r\u00e9pit et d'accompagnement des aidants\",\"url\":\"https:\/\/toutpourlesaidants.fr\/\",\"logo\":{\"@type\":\"ImageObject\",\"inLanguage\":\"fr-FR\",\"@id\":\"https:\/\/toutpourlesaidants.fr\/#\/schema\/logo\/image\/\",\"url\":\"http:\/\/toutpourlesaidants.fr\/wp-content\/uploads\/2018\/10\/logo-plateforme.jpg\",\"contentUrl\":\"http:\/\/toutpourlesaidants.fr\/wp-content\/uploads\/2018\/10\/logo-plateforme.jpg\",\"width\":379,\"height\":378,\"caption\":\"Plateforme de r\u00e9pit et d'accompagnement des aidants\"},\"image\":{\"@id\":\"https:\/\/toutpourlesaidants.fr\/#\/schema\/logo\/image\/\"}}]}<\/script>\n<!-- \/ Yoast SEO plugin. -->","yoast_head_json":{"title":"S'exprimer - GRAFFITI - r\u00e9pit et accompagnement des aidants","description":"Atelier graffiti en bin\u00f4me, l'aidant avec l'aid\u00e9. Fresque r\u00e9alis\u00e9e sur un mur et des panneaux mobiles.","robots":{"index":"index","follow":"follow","max-snippet":"max-snippet:-1","max-image-preview":"max-image-preview:large","max-video-preview":"max-video-preview:-1"},"canonical":"https:\/\/toutpourlesaidants.fr\/index.php\/graffiti\/","og_locale":"fr_FR","og_type":"article","og_title":"S'exprimer - GRAFFITI - r\u00e9pit et accompagnement des aidants","og_description":"Atelier graffiti en bin\u00f4me, l'aidant avec l'aid\u00e9. Fresque r\u00e9alis\u00e9e sur un mur et des panneaux mobiles.","og_url":"https:\/\/toutpourlesaidants.fr\/index.php\/graffiti\/","og_site_name":"r\u00e9pit et accompagnement des aidants","article_modified_time":"2019-11-04T11:24:05+00:00","og_image":[{"url":"http:\/\/toutpourlesaidants.fr\/wp-content\/uploads\/2019\/04\/toutpourlesaidants-fresquemurale.jpg"}],"twitter_card":"summary_large_image","twitter_misc":{"Dur\u00e9e de lecture estim\u00e9e":"1 minute"},"schema":{"@context":"https:\/\/schema.org","@graph":[{"@type":"WebPage","@id":"https:\/\/toutpourlesaidants.fr\/index.php\/graffiti\/","url":"https:\/\/toutpourlesaidants.fr\/index.php\/graffiti\/","name":"S'exprimer - GRAFFITI - r\u00e9pit et accompagnement des aidants","isPartOf":{"@id":"https:\/\/toutpourlesaidants.fr\/#website"},"datePublished":"2018-11-26T11:18:53+00:00","dateModified":"2019-11-04T11:24:05+00:00","description":"Atelier graffiti en bin\u00f4me, l'aidant avec l'aid\u00e9. Fresque r\u00e9alis\u00e9e sur un mur et des panneaux mobiles.","breadcrumb":{"@id":"https:\/\/toutpourlesaidants.fr\/index.php\/graffiti\/#breadcrumb"},"inLanguage":"fr-FR","potentialAction":[{"@type":"ReadAction","target":["https:\/\/toutpourlesaidants.fr\/index.php\/graffiti\/"]}]},{"@type":"BreadcrumbList","@id":"https:\/\/toutpourlesaidants.fr\/index.php\/graffiti\/#breadcrumb","itemListElement":[{"@type":"ListItem","position":1,"name":"Accueil","item":"https:\/\/toutpourlesaidants.fr\/"},{"@type":"ListItem","position":2,"name":"S&rsquo;exprimer &#8211; GRAFFITI"}]},{"@type":"WebSite","@id":"https:\/\/toutpourlesaidants.fr\/#website","url":"https:\/\/toutpourlesaidants.fr\/","name":"tout pour les aidants","description":"Plateforme de Valence et ses environs","publisher":{"@id":"https:\/\/toutpourlesaidants.fr\/#organization"},"potentialAction":[{"@type":"SearchAction","target":{"@type":"EntryPoint","urlTemplate":"https:\/\/toutpourlesaidants.fr\/?s={search_term_string}"},"query-input":"required name=search_term_string"}],"inLanguage":"fr-FR"},{"@type":"Organization","@id":"https:\/\/toutpourlesaidants.fr\/#organization","name":"Plateforme de r\u00e9pit et d'accompagnement des aidants","url":"https:\/\/toutpourlesaidants.fr\/","logo":{"@type":"ImageObject","inLanguage":"fr-FR","@id":"https:\/\/toutpourlesaidants.fr\/#\/schema\/logo\/image\/","url":"http:\/\/toutpourlesaidants.fr\/wp-content\/uploads\/2018\/10\/logo-plateforme.jpg","contentUrl":"http:\/\/toutpourlesaidants.fr\/wp-content\/uploads\/2018\/10\/logo-plateforme.jpg","width":379,"height":378,"caption":"Plateforme de r\u00e9pit et d'accompagnement des aidants"},"image":{"@id":"https:\/\/toutpourlesaidants.fr\/#\/schema\/logo\/image\/"}}]}},"_links":{"self":[{"href":"https:\/\/toutpourlesaidants.fr\/index.php\/wp-json\/wp\/v2\/pages\/1105"}],"collection":[{"href":"https:\/\/toutpourlesaidants.fr\/index.php\/wp-json\/wp\/v2\/pages"}],"about":[{"href":"https:\/\/toutpourlesaidants.fr\/index.php\/wp-json\/wp\/v2\/types\/page"}],"author":[{"embeddable":true,"href":"https:\/\/toutpourlesaidants.fr\/index.php\/wp-json\/wp\/v2\/users\/2"}],"replies":[{"embeddable":true,"href":"https:\/\/toutpourlesaidants.fr\/index.php\/wp-json\/wp\/v2\/comments?post=1105"}],"version-history":[{"count":21,"href":"https:\/\/toutpourlesaidants.fr\/index.php\/wp-json\/wp\/v2\/pages\/1105\/revisions"}],"predecessor-version":[{"id":1699,"href":"https:\/\/toutpourlesaidants.fr\/index.php\/wp-json\/wp\/v2\/pages\/1105\/revisions\/1699"}],"wp:attachment":[{"href":"https:\/\/toutpourlesaidants.fr\/index.php\/wp-json\/wp\/v2\/media?parent=1105"}],"curies":[{"name":"wp","href":"https:\/\/api.w.org\/{rel}","templated":true}]}}